{"id":472,"date":"2013-12-08T18:00:19","date_gmt":"2013-12-08T16:00:19","guid":{"rendered":"http:\/\/www.wetterauer-landbote.de\/?page_id=472"},"modified":"2014-02-20T21:36:50","modified_gmt":"2014-02-20T19:36:50","slug":"fr-redaktion-bad-vilbel","status":"publish","type":"page","link":"https:\/\/www.wetterauer-landbote.de\/?page_id=472","title":{"rendered":"FR-Redaktion Bad Vilbel"},"content":{"rendered":"<h1>Wir hatten eine gute Zeit<\/h1>\n<p>&nbsp;<\/p>\n<p><a href=\"https:\/\/i0.wp.com\/www.wetterauer-landbote.de\/wp-content\/uploads\/2013\/12\/juliane.jpg\"><img data-recalc-dims=\"1\" loading=\"lazy\" decoding=\"async\" class=\"alignleft  wp-image-473\" alt=\"juliane\" src=\"https:\/\/i0.wp.com\/www.wetterauer-landbote.de\/wp-content\/uploads\/2013\/12\/juliane.jpg?resize=421%2C602\" width=\"421\" height=\"602\" \/><\/a><\/p>\n<p>&nbsp;<\/p>\n<p>&nbsp;<\/p>\n<p>Die langj\u00e4hrige Wetterauer Redakteurin der Frankfurter Rundschau Juliane Kuglin erinnert sich an ihren alten Arbeitsort in Bad Vilbel und an die Friedberger FR-Redaktion:<\/p>\n<p>&nbsp;<\/p>\n<p>&nbsp;<\/p>\n<p>&nbsp;<\/p>\n<p>&nbsp;<\/p>\n<p>&nbsp;<\/p>\n<p>&nbsp;<\/p>\n<p>Auch im S\u00fcden der Wetterau gab es eine FR-Redaktion. Nur wegen der Vollst\u00e4ndigkeit der Nostalgie. Da f\u00e4llt mir der Gr\u00fcne Weg ein, wo ich hinter Gittern arbeitete, mit Hannes M., dem Beherrscher der Lochstreifen des Fernschreibers. Himmel, was haben wir an Technik alles erleben d\u00fcrfen! Heute stehen Kinder fassungslos vor Telefonen mit W\u00e4hlscheibe\u2026\u2026.<\/p>\n<p>Zur Friedberg f\u00e4llt mir ein: Vor Winfried R. hat Margit Fehlinger (hie\u00df damals anders) mit Horst Sch\u00fc\u00dfler zusammengearbeitet. Da war die Redaktion noch in seiner Wohnung! Und es gab t\u00e4glichen Zoff zwischen beiden, bis Margit sich wegbewarb. In der Redaktion direkt auf der Hauptstra\u00dfe in Friedberg konnten wir Telefongespr\u00e4che nicht verbinden, sondern mussten das Telefon weiterreichen, so dass am Ende des Arbeitstages zwischen den Schreibtischen ein Netz aus Telefonkabeln war, das wir entwirren mussten. Unvergessen aus der Zeit auch Sch\u00fc\u00dflers Ausspruch: \u201eIst doch unglaublich, wie viel Kaffee in den langen Heininger rein passt!\u201c<\/p>\n<p>Wir hatten eine gute Zeit bei der FR \u2013 bis zu einem bestimmten Zeitpunkt.<\/p>\n<h2>FR-Redaktion Bad Vilbel<\/h2>\n<p>Auch die Vilbeler Redaktion in der Niddastra\u00dfe hatte was! Zweieinhalb St\u00fcbchen. Das Klo eine halbe Treppe tiefer teilten wir uns mit der syrischen Gem\u00fcsefrau mit Laden in der Garage nebenan. Sie musste jedes Mal klingeln, wenn sie musste. Das halbe St\u00fcbchen war meines. Halb insofern, als dort noch der Kleiderschrank der Vermieter stand und direkt neben meinem Schreibtisch das Trimmfahrrad des Hausherrn, das er gern am Nachmittag nutzte, w\u00e4hrend ich im Redigier-Stress war. Der nahe Kontakt zu den Vermietern hatte auch Positives: Die Dame des Hauses brachte uns hin und wieder montags leckeren \u00a0Kuchen, der von der Sonntagskaffeetafel \u00fcbrig geblieben war. Gearbeitet haben dort Georg Linde, Hannes M., J\u00f6rg Muthorst und ich.<\/p>\n<p>Sch\u00f6ne Geschichten gibt es allemal \u00fcber den direkten Kontakt zu unseren Leserinnen und Lesern \u2013 das gab es ja wirklich einmal!!! Wir brauchten keinen Bronski: Unsere Abonnenten standen bei uns am Schreibtisch und redeten Klartext.<\/p>\n<p>Unvergessen bleibt meinen Kollegen und mir das Ehepaar Lilli und Wolfgang G. aus Karben. Keiner las wohl die FR so aufmerksam wie diese zwei. Kein anderer begleitete uns durch viele Jahre so wohlwollend, aber eben auch sehr kritisch. Ber\u00fcchtigt waren die Briefe, die Lilli G. uns schrieb, handschriftlich und mit einer Akkuratesse, die wir bewunderten. In diesen Briefen wurden unsere manchmal schlampigen Formulierungen sowie Fehler in Interpunktion und Grammatik ausgesprochen freundlich, aber gnadenlos abgestraft. Zeitdruck lie\u00df sie als Begr\u00fcndung \u2013 oder Ausrede \u2013 nicht gelten. Kam kein Brief, kam das Ehepaar selbst.<\/p>\n<p>Als die ohnehin schon geschrumpfte Rest-Redaktion, unterst\u00fctzt durch Ex-Kollegen und Sympathisanten, im Februar 2013 vor der Zentrale der FR am Karl-Gerold-Platz in Frankfurt f\u00fcr den Erhalt ihrer Zeitung und ihrer Arbeitspl\u00e4tze demonstrierte, war auch das Ehepaar G. dabei, trotz des fiesen Schneeregens extra aus Karben angereist.<\/p>\n<p>Eine Erfindung von Klaus Nissen war das Sommerloch. Wir standen dazu, ver\u00f6ffentlichten ein Loch in der Seite und lie\u00dfen es von den Leserinnen und Lesern zuschreiben oder zumalen. Zeitung machen kann auch Spa\u00df machen\u2026<\/p>\n<p>Ich tausche mich regelm\u00e4\u00dfig mit Kollegen auch \u00fcber die Zust\u00e4nde in der alten Zentralredaktion aus, in der ich ja auch \u00fcber Jahre gearbeitet habe. Als Zeitung machen nicht nur Arbeit \/ Broterwerb war. Da kann man schon nostalgisch werden!<\/p>\n","protected":false},"excerpt":{"rendered":"<p>Wir hatten eine gute Zeit &nbsp; &nbsp; &nbsp; Die langj\u00e4hrige Wetterauer Redakteurin der Frankfurter Rundschau Juliane Kuglin erinnert sich an ihren alten Arbeitsort in Bad Vilbel und an die Friedberger FR-Redaktion: &nbsp; &nbsp; &nbsp; &nbsp; &nbsp; &nbsp; Auch im S\u00fcden &hellip; <a href=\"https:\/\/www.wetterauer-landbote.de\/?page_id=472\">Weiterlesen <span class=\"meta-nav\">&rarr;<\/span><\/a><\/p>\n","protected":false},"author":1,"featured_media":0,"parent":0,"menu_order":0,"comment_status":"open","ping_status":"open","template":"","meta":{"footnotes":""},"class_list":["post-472","page","type-page","status-publish","hentry"],"yoast_head":"<!-- This site is optimized with the Yoast SEO plugin v27.0 - https:\/\/yoast.com\/product\/yoast-seo-wordpress\/ -->\n<title>FR-Redaktion Bad Vilbel - Wetterauer-Landbote<\/title>\n<meta name=\"description\" content=\"Die langj\u00e4hrige Wetterauer Redakteurin der Frankfurter Rundschau Juliane Kuglin erinnert sich an ihren alten Arbeitsort, die FR-Redaktion Bad Vilbel.\" \/>\n<meta name=\"robots\" content=\"index, follow, max-snippet:-1, max-image-preview:large, max-video-preview:-1\" \/>\n<link rel=\"canonical\" href=\"https:\/\/www.wetterauer-landbote.de\/?page_id=472\" \/>\n<meta property=\"og:locale\" content=\"de_DE\" \/>\n<meta property=\"og:type\" content=\"article\" \/>\n<meta property=\"og:title\" content=\"FR-Redaktion Bad Vilbel - Wetterauer-Landbote\" \/>\n<meta property=\"og:description\" content=\"Die langj\u00e4hrige Wetterauer Redakteurin der Frankfurter Rundschau Juliane Kuglin erinnert sich an ihren alten Arbeitsort, die FR-Redaktion Bad Vilbel.\" \/>\n<meta property=\"og:url\" content=\"https:\/\/www.wetterauer-landbote.de\/?page_id=472\" \/>\n<meta property=\"og:site_name\" content=\"Wetterauer-Landbote\" \/>\n<meta property=\"article:modified_time\" content=\"2014-02-20T19:36:50+00:00\" \/>\n<meta property=\"og:image\" content=\"http:\/\/www.wetterauer-landbote.de\/wp-content\/uploads\/2013\/12\/juliane-709x1024.jpg\" \/>\n<meta name=\"twitter:label1\" content=\"Gesch\u00e4tzte Lesezeit\" \/>\n\t<meta name=\"twitter:data1\" content=\"3\u00a0Minuten\" \/>\n<script type=\"application\/ld+json\" class=\"yoast-schema-graph\">{\"@context\":\"https:\/\/schema.org\",\"@graph\":[{\"@type\":\"WebPage\",\"@id\":\"https:\/\/www.wetterauer-landbote.de\/?page_id=472\",\"url\":\"https:\/\/www.wetterauer-landbote.de\/?page_id=472\",\"name\":\"FR-Redaktion Bad Vilbel - Wetterauer-Landbote\",\"isPartOf\":{\"@id\":\"https:\/\/www.wetterauer-landbote.de\/#website\"},\"primaryImageOfPage\":{\"@id\":\"https:\/\/www.wetterauer-landbote.de\/?page_id=472#primaryimage\"},\"image\":{\"@id\":\"https:\/\/www.wetterauer-landbote.de\/?page_id=472#primaryimage\"},\"thumbnailUrl\":\"http:\/\/www.wetterauer-landbote.de\/wp-content\/uploads\/2013\/12\/juliane-709x1024.jpg\",\"datePublished\":\"2013-12-08T16:00:19+00:00\",\"dateModified\":\"2014-02-20T19:36:50+00:00\",\"description\":\"Die langj\u00e4hrige Wetterauer Redakteurin der Frankfurter Rundschau Juliane Kuglin erinnert sich an ihren alten Arbeitsort, die FR-Redaktion Bad Vilbel.\",\"breadcrumb\":{\"@id\":\"https:\/\/www.wetterauer-landbote.de\/?page_id=472#breadcrumb\"},\"inLanguage\":\"de\",\"potentialAction\":[{\"@type\":\"ReadAction\",\"target\":[\"https:\/\/www.wetterauer-landbote.de\/?page_id=472\"]}]},{\"@type\":\"ImageObject\",\"inLanguage\":\"de\",\"@id\":\"https:\/\/www.wetterauer-landbote.de\/?page_id=472#primaryimage\",\"url\":\"https:\/\/i0.wp.com\/www.wetterauer-landbote.de\/wp-content\/uploads\/2013\/12\/juliane.jpg?fit=870%2C1255&ssl=1\",\"contentUrl\":\"https:\/\/i0.wp.com\/www.wetterauer-landbote.de\/wp-content\/uploads\/2013\/12\/juliane.jpg?fit=870%2C1255&ssl=1\",\"width\":870,\"height\":1255},{\"@type\":\"BreadcrumbList\",\"@id\":\"https:\/\/www.wetterauer-landbote.de\/?page_id=472#breadcrumb\",\"itemListElement\":[{\"@type\":\"ListItem\",\"position\":1,\"name\":\"Home\",\"item\":\"https:\/\/www.wetterauer-landbote.de\/\"},{\"@type\":\"ListItem\",\"position\":2,\"name\":\"FR-Redaktion Bad Vilbel\"}]},{\"@type\":\"WebSite\",\"@id\":\"https:\/\/www.wetterauer-landbote.de\/#website\",\"url\":\"https:\/\/www.wetterauer-landbote.de\/\",\"name\":\"Wetterauer-Landbote\",\"description\":\"\",\"potentialAction\":[{\"@type\":\"SearchAction\",\"target\":{\"@type\":\"EntryPoint\",\"urlTemplate\":\"https:\/\/www.wetterauer-landbote.de\/?s={search_term_string}\"},\"query-input\":{\"@type\":\"PropertyValueSpecification\",\"valueRequired\":true,\"valueName\":\"search_term_string\"}}],\"inLanguage\":\"de\"}]}<\/script>\n<!-- \/ Yoast SEO plugin. -->","yoast_head_json":{"title":"FR-Redaktion Bad Vilbel - Wetterauer-Landbote","description":"Die langj\u00e4hrige Wetterauer Redakteurin der Frankfurter Rundschau Juliane Kuglin erinnert sich an ihren alten Arbeitsort, die FR-Redaktion Bad Vilbel.","robots":{"index":"index","follow":"follow","max-snippet":"max-snippet:-1","max-image-preview":"max-image-preview:large","max-video-preview":"max-video-preview:-1"},"canonical":"https:\/\/www.wetterauer-landbote.de\/?page_id=472","og_locale":"de_DE","og_type":"article","og_title":"FR-Redaktion Bad Vilbel - Wetterauer-Landbote","og_description":"Die langj\u00e4hrige Wetterauer Redakteurin der Frankfurter Rundschau Juliane Kuglin erinnert sich an ihren alten Arbeitsort, die FR-Redaktion Bad Vilbel.","og_url":"https:\/\/www.wetterauer-landbote.de\/?page_id=472","og_site_name":"Wetterauer-Landbote","article_modified_time":"2014-02-20T19:36:50+00:00","og_image":[{"url":"http:\/\/www.wetterauer-landbote.de\/wp-content\/uploads\/2013\/12\/juliane-709x1024.jpg","type":"","width":"","height":""}],"twitter_misc":{"Gesch\u00e4tzte Lesezeit":"3\u00a0Minuten"},"schema":{"@context":"https:\/\/schema.org","@graph":[{"@type":"WebPage","@id":"https:\/\/www.wetterauer-landbote.de\/?page_id=472","url":"https:\/\/www.wetterauer-landbote.de\/?page_id=472","name":"FR-Redaktion Bad Vilbel - Wetterauer-Landbote","isPartOf":{"@id":"https:\/\/www.wetterauer-landbote.de\/#website"},"primaryImageOfPage":{"@id":"https:\/\/www.wetterauer-landbote.de\/?page_id=472#primaryimage"},"image":{"@id":"https:\/\/www.wetterauer-landbote.de\/?page_id=472#primaryimage"},"thumbnailUrl":"http:\/\/www.wetterauer-landbote.de\/wp-content\/uploads\/2013\/12\/juliane-709x1024.jpg","datePublished":"2013-12-08T16:00:19+00:00","dateModified":"2014-02-20T19:36:50+00:00","description":"Die langj\u00e4hrige Wetterauer Redakteurin der Frankfurter Rundschau Juliane Kuglin erinnert sich an ihren alten Arbeitsort, die FR-Redaktion Bad Vilbel.","breadcrumb":{"@id":"https:\/\/www.wetterauer-landbote.de\/?page_id=472#breadcrumb"},"inLanguage":"de","potentialAction":[{"@type":"ReadAction","target":["https:\/\/www.wetterauer-landbote.de\/?page_id=472"]}]},{"@type":"ImageObject","inLanguage":"de","@id":"https:\/\/www.wetterauer-landbote.de\/?page_id=472#primaryimage","url":"https:\/\/i0.wp.com\/www.wetterauer-landbote.de\/wp-content\/uploads\/2013\/12\/juliane.jpg?fit=870%2C1255&ssl=1","contentUrl":"https:\/\/i0.wp.com\/www.wetterauer-landbote.de\/wp-content\/uploads\/2013\/12\/juliane.jpg?fit=870%2C1255&ssl=1","width":870,"height":1255},{"@type":"BreadcrumbList","@id":"https:\/\/www.wetterauer-landbote.de\/?page_id=472#breadcrumb","itemListElement":[{"@type":"ListItem","position":1,"name":"Home","item":"https:\/\/www.wetterauer-landbote.de\/"},{"@type":"ListItem","position":2,"name":"FR-Redaktion Bad Vilbel"}]},{"@type":"WebSite","@id":"https:\/\/www.wetterauer-landbote.de\/#website","url":"https:\/\/www.wetterauer-landbote.de\/","name":"Wetterauer-Landbote","description":"","potentialAction":[{"@type":"SearchAction","target":{"@type":"EntryPoint","urlTemplate":"https:\/\/www.wetterauer-landbote.de\/?s={search_term_string}"},"query-input":{"@type":"PropertyValueSpecification","valueRequired":true,"valueName":"search_term_string"}}],"inLanguage":"de"}]}},"jetpack_sharing_enabled":true,"jetpack_likes_enabled":true,"_links":{"self":[{"href":"https:\/\/www.wetterauer-landbote.de\/index.php?rest_route=\/wp\/v2\/pages\/472","targetHints":{"allow":["GET"]}}],"collection":[{"href":"https:\/\/www.wetterauer-landbote.de\/index.php?rest_route=\/wp\/v2\/pages"}],"about":[{"href":"https:\/\/www.wetterauer-landbote.de\/index.php?rest_route=\/wp\/v2\/types\/page"}],"author":[{"embeddable":true,"href":"https:\/\/www.wetterauer-landbote.de\/index.php?rest_route=\/wp\/v2\/users\/1"}],"replies":[{"embeddable":true,"href":"https:\/\/www.wetterauer-landbote.de\/index.php?rest_route=%2Fwp%2Fv2%2Fcomments&post=472"}],"version-history":[{"count":6,"href":"https:\/\/www.wetterauer-landbote.de\/index.php?rest_route=\/wp\/v2\/pages\/472\/revisions"}],"predecessor-version":[{"id":728,"href":"https:\/\/www.wetterauer-landbote.de\/index.php?rest_route=\/wp\/v2\/pages\/472\/revisions\/728"}],"wp:attachment":[{"href":"https:\/\/www.wetterauer-landbote.de\/index.php?rest_route=%2Fwp%2Fv2%2Fmedia&parent=472"}],"curies":[{"name":"wp","href":"https:\/\/api.w.org\/{rel}","templated":true}]}}