{"id":587,"date":"2014-01-19T17:44:20","date_gmt":"2014-01-19T15:44:20","guid":{"rendered":"http:\/\/www.wetterauer-landbote.de\/?page_id=587"},"modified":"2014-01-19T23:10:55","modified_gmt":"2014-01-19T21:10:55","slug":"tipps","status":"publish","type":"page","link":"http:\/\/www.wetterauer-landbote.de\/?page_id=587","title":{"rendered":"Tipps"},"content":{"rendered":"<h1>F\u00fcr ein freies Tibet<\/h1>\n<h2>Dieter Glogowski berichtet in Bad Nauheim \u00fcber seine Reisen nach Ladakh \/ Im Mai kommt der Dalai Lama nach Frankfurt<\/h2>\n<p><strong>Von Corinna Willf\u00fchr<\/strong><\/p>\n<p>Wer m\u00f6chte sich nicht gerne auf die Spuren des Gl\u00fccks begeben? Doch sind sie an einem sonnigen Tag an der Ufer der Nidda, beim Urlaub auf einer Nordseeinsel oder doch nur in den Einsamkeit der gewaltigen Berge des Himalayas zu erleben? F\u00fcr den Filmemacher und Buchautor Dieter Glogowski ist es Ladakh, die unwirtliche Hochgebirgsregion im \u00e4u\u00dfersten Norden des indischen Kontinents. Ein ums andere Mal hat der 1956 in Frankfurt geborene Weltenbummler, der viele Jahre zwischen seinen Reisen in Friedberg lebte, Menschen, Natur und Kultur in der Region zwischen den indischen Bundesstaaten Jammu und Kashmir erkundet. Eine Region, in der, so beschreibt es der Initiator und Organisator des \u201eWeitsicht-Festivals\u201c, des bundesweiten Treffens f\u00fcr Globetrotter, immer wieder, \u201eder tibetische Buddhismus bis heute erhalten geblieben ist\u201c.<br \/>\nIn eben jenen Orten in tausenden Kilometern Entfernung von Wetterau und Taunus entstand Glogowskis Film: \u201eDas Erbe Tibets. Ladakh. Auf den Spuren des Gl\u00fccks\u201c. Wie es zu diesem kam, welche Schwierigkeiten sich bei der Produktion auftaten, vor allem aber, wie der Filmemacher die Menschen in Ladakh vor und hinter seiner Kamera erlebte, auch, wie er die Zukunft Tibets beurteilt, berichtet er in seinem Vortrag in der Waldorfschule Bad Nauheim, An der Birkenkaute 8, am Donnerstag, 23. Januar, ab 19.30 Uhr. Es bereitet mir gro\u00dfe Freude zu sehen, dass Dieter Glogowski in seinen gro\u00dfartigen Fotografien vieles von der geduldigen, ungehetzten Lebenssichtweise eingefangen hat, die einen so gro\u00dfen Teil des Wesens der Menschen im Himalaya ausmacht\u201c kommentierte der Dalai Lama, das Oberhaupt der Tibeter im Exil die Arbeit des Deutschen im Vorwort zu dessen Buch \u201eDer Himalaya &#8211; Das Geheimnis der goldenen Tara\u201c.<br \/>\nF\u00fcr alle, die am 23. Januar, nicht zum Vortrag von Dieter Glogowski kommen k\u00f6nnen: Am Wochenende 5.\/6. April sind neben vielen anderen Multivisions-Shows und Vortr\u00e4gen aus aller Welt auch seine \u201eSpuren des Gl\u00fccks\u201c zu sehen \u2013 und zwar beim 10. Multimedia-Festival \u201eWeitsicht\u201c in Darmstadt.<br \/>\nWer den Dalai Lama einmal pers\u00f6nlich erleben m\u00f6chte, sollte sich Donnerstag, 15. Mai vormerken. Denn dann wird \u201eseine Heiligkeit\u201c in der Frankfurter Paulskirche in der Paulskirche \u00fcber \u201eEthik ohne Religion\u201c sprechen. Beginn seines Vortrags. In aller Stille steht allen Interessierten an Themen rund um den Buddhismus das Tibet-Haus in Frankfurt Bockenheim mit seiner Bibliothek, seinen Veranstaltungen und nicht zuletzt mit seinen Mitarbeitern zur Verf\u00fcgung.<br \/>\nZum Vortrag von Dieter Glogowski telefonisch unter 06032\/3495-2.<\/p>\n<p>Zum Tibet-Haus: <a href=\"http:\/\/www.tibethaus.com\" target=\"blank\">www.tibethaus.com<\/a><br \/>\nwww.tibethaus.com<\/p>\n<p>Zum Besuch des Dalai Lama<br \/>\n<a href=\"http:\/\/www.dalailama-frankfurt.info\" target=\"blank\">www.dalailama-frankfurt.info<\/a><\/p>\n<h1><\/h1>\n<h1><\/h1>\n<h1>Wie Kultur auf dem Land erfolgreich sein kann<\/h1>\n<p>zeigt ein Seminar des Mittelhessischen Kultursommers mit Dieter Buroch, dem Gr\u00fcndungsintendanten des Mousonturms Frankfurt in Runkel<br \/>\nDas d\u00fcrfte ebenso spannend wie lehrreich werden: Das Seminar, das der Kultursommer Mittelhessen in Kooperation mit dem Dialog Runkel zum Thema \u201eVeranstaltungsplanung f\u00fcr Kulturinitiativen und Vereine\u201c veranstaltet. Zum einen, weil die Teilnehmer der zweit\u00e4gigen Veranstaltung am Wochenende 8.\/9. M\u00e4rz auf den Gr\u00fcndungsintendanten des Frankfurter K\u00fcnstlerhauses Mousonturm, Dieter Buroch, treffen. Zum anderen, weil sie an den beiden Tagen am Beispiel eines \u201efiktiven Veranstaltungs-Projekts\u201c, erfahren, was es alles zu ber\u00fccksichtigen gibt, damit aus ihrer Initiative f\u00fcr ein Konzert, eine Ausstellung, eine Theaterauff\u00fchrung ein Erfolg wird.<\/p>\n<p><a href=\"https:\/\/i0.wp.com\/www.wetterauer-landbote.de\/wp-content\/uploads\/2014\/01\/valentin.jpg\"><img data-recalc-dims=\"1\" loading=\"lazy\" decoding=\"async\" class=\"alignnone size-full wp-image-588\" alt=\"valentin\" src=\"https:\/\/i0.wp.com\/www.wetterauer-landbote.de\/wp-content\/uploads\/2014\/01\/valentin.jpg?resize=584%2C377\" width=\"584\" height=\"377\" srcset=\"https:\/\/i0.wp.com\/www.wetterauer-landbote.de\/wp-content\/uploads\/2014\/01\/valentin.jpg?w=791 791w, https:\/\/i0.wp.com\/www.wetterauer-landbote.de\/wp-content\/uploads\/2014\/01\/valentin.jpg?resize=300%2C193 300w, https:\/\/i0.wp.com\/www.wetterauer-landbote.de\/wp-content\/uploads\/2014\/01\/valentin.jpg?resize=465%2C300 465w\" sizes=\"auto, (max-width: 584px) 100vw, 584px\" \/><\/a><br \/>\nRunkel, die knapp 10.000 Einwohner-Gemeinde im Landkreis Limburg-Weilburg, d\u00fcrften viele (Wetterauer) kennen, liegt sie doch am beliebten Lahntalradweg. Auch von Wasser aus, ist sie gut zu erreichen. Per Kanu oder Kajak: In den Sommermonaten ist nicht nur das Zehnthaus am Schlossplatz einen Halt wert. In Runkel \u201evor Anker zu gehen\u201c, lohnt sich auch nahe der steinernen Lahnbr\u00fccke, um sich im alten Ortskern umzuschauen.<\/p>\n<h2>Ziel f\u00fcr Kulturarbeiter<\/h2>\n<p>Doch noch Wochen bevor die Paddelsaison auf der Lahn startet, ist Runkel ein attraktives Ziel f\u00fcr Menschen, die sich in der Region f\u00fcr Kulturarbeit engagieren. F\u00fcr K\u00fcnstler ebenso wie f\u00fcr Vertreter von Vereinen und Initiativen. An Ideen f\u00fcr experimentelle Konzerte, f\u00fcr Gemeinschaftsausstellungen bildender K\u00fcnstler, f\u00fcr Performances an ungew\u00f6hnlichen Orten mangelt es zwischen Laubach und Bad Vilbel nicht. Nur, welche Voraussetzungen m\u00fcssen erf\u00fcllt, welche Antr\u00e4ge gestellt, welche Auflagen eingehalten werden? Und: Wie kann die Idee\/das Projekt finanziert werden?<br \/>\nAntworten auf all diese Fragen sollen im M\u00e4rz in Runkel gefunden werden. \u201eEine Vorkalkulation l\u00e4sst finanzielle Risiken erkennen, und ein Terminplan gibt Sicherheit bei der Organisation\u201c, hei\u00dft es in der Pressemitteilung. Weitere Themen sind das Marketing und Informationen \u00fcber Stiftungen und Sponsoren.<br \/>\nSeminarleiter Dieter Buroch kennt sich in all diesen Bereichen bestens aus, ist ein ausgewiesener Experte mit langj\u00e4hriger Erfahrung im internationalen Kulturbetrieb, unter anderem als Mitglied im Vorstand der Hessischen Theaterakademie, der Deutschen Akademie der Darstellenden K\u00fcnste und Berater im Zentrum der Darstellende K\u00fcnste in Mannheim. 2011 erhielt Buroch die Goethe-Plakette der Stadt Frankfurt, ein Jahr sp\u00e4ter die Goethe-Plakette des Hessischen Ministeriums f\u00fcr Wissenschaft und Kunst. So prominent wie die rund einhundert Referenzpersonen, die der Gr\u00fcndungsintendant des K\u00fcnstlerhauses Mousonturm auf seiner Homepage nennt (darunter die ehemalige Frankfurter Oberb\u00fcrgermeisterin Petra Roth, der Musiker Heinz Sauer oder Max Hollein, Leiter des St\u00e4del-Museums) werden die Seminar-Teilnehmer in Runkel gewiss nicht sein. Aber sicher voller Tatendrang, Wissensdurst und Neugier.<\/p>\n<p>Veranstaltungsort f\u00fcr das Seminar am Wochenende 8.\/9. M\u00e4rz 2014 ist der Gemeindesaal der Evangelischen Kirche in der Schadecker Stra\u00dfe 7A in 65594 Runkel. Die Kosten betragen 40 Euro inklusive Tagungsgetr\u00e4nken und pers\u00f6nlicher Arbeitsmappe. Anmeldung unter: office@kultursommer-mittelhessen.de<\/p>\n","protected":false},"excerpt":{"rendered":"<p>F\u00fcr ein freies Tibet Dieter Glogowski berichtet in Bad Nauheim \u00fcber seine Reisen nach Ladakh \/ Im Mai kommt der Dalai Lama nach Frankfurt Von Corinna Willf\u00fchr Wer m\u00f6chte sich nicht gerne auf die Spuren des Gl\u00fccks begeben? Doch sind &hellip; <a href=\"http:\/\/www.wetterauer-landbote.de\/?page_id=587\">Weiterlesen <span class=\"meta-nav\">&rarr;<\/span><\/a><\/p>\n","protected":false},"author":1,"featured_media":0,"parent":0,"menu_order":0,"comment_status":"open","ping_status":"open","template":"","meta":{"footnotes":""},"class_list":["post-587","page","type-page","status-publish","hentry"],"yoast_head":"<!-- This site is optimized with the Yoast SEO plugin v27.0 - https:\/\/yoast.com\/product\/yoast-seo-wordpress\/ -->\n<title>Tipps - Wetterauer-Landbote<\/title>\n<meta name=\"description\" content=\"Dieter Buroch gibt in Seminar Tipps f\u00fcr Kulturinitiativen, wie Veranstaltungen auf dem Land erfolgreich sein K\u00f6nnen. 8.\/9. M\u00e4rz in Runkel.\" \/>\n<meta name=\"robots\" content=\"index, follow, max-snippet:-1, max-image-preview:large, max-video-preview:-1\" \/>\n<link rel=\"canonical\" href=\"http:\/\/www.wetterauer-landbote.de\/?page_id=587\" \/>\n<meta property=\"og:locale\" content=\"de_DE\" \/>\n<meta property=\"og:type\" content=\"article\" \/>\n<meta property=\"og:title\" content=\"Tipps - Wetterauer-Landbote\" \/>\n<meta property=\"og:description\" content=\"Dieter Buroch gibt in Seminar Tipps f\u00fcr Kulturinitiativen, wie Veranstaltungen auf dem Land erfolgreich sein K\u00f6nnen. 8.\/9. M\u00e4rz in Runkel.\" \/>\n<meta property=\"og:url\" content=\"http:\/\/www.wetterauer-landbote.de\/?page_id=587\" \/>\n<meta property=\"og:site_name\" content=\"Wetterauer-Landbote\" \/>\n<meta property=\"article:modified_time\" content=\"2014-01-19T21:10:55+00:00\" \/>\n<meta property=\"og:image\" content=\"http:\/\/www.wetterauer-landbote.de\/wp-content\/uploads\/2014\/01\/valentin.jpg\" \/>\n<meta name=\"twitter:label1\" content=\"Gesch\u00e4tzte Lesezeit\" \/>\n\t<meta name=\"twitter:data1\" content=\"5\u00a0Minuten\" \/>\n<script type=\"application\/ld+json\" class=\"yoast-schema-graph\">{\"@context\":\"https:\/\/schema.org\",\"@graph\":[{\"@type\":\"WebPage\",\"@id\":\"http:\/\/www.wetterauer-landbote.de\/?page_id=587\",\"url\":\"http:\/\/www.wetterauer-landbote.de\/?page_id=587\",\"name\":\"Tipps - Wetterauer-Landbote\",\"isPartOf\":{\"@id\":\"http:\/\/www.wetterauer-landbote.de\/#website\"},\"primaryImageOfPage\":{\"@id\":\"http:\/\/www.wetterauer-landbote.de\/?page_id=587#primaryimage\"},\"image\":{\"@id\":\"http:\/\/www.wetterauer-landbote.de\/?page_id=587#primaryimage\"},\"thumbnailUrl\":\"http:\/\/www.wetterauer-landbote.de\/wp-content\/uploads\/2014\/01\/valentin.jpg\",\"datePublished\":\"2014-01-19T15:44:20+00:00\",\"dateModified\":\"2014-01-19T21:10:55+00:00\",\"description\":\"Dieter Buroch gibt in Seminar Tipps f\u00fcr Kulturinitiativen, wie Veranstaltungen auf dem Land erfolgreich sein K\u00f6nnen. 8.\/9. M\u00e4rz in Runkel.\",\"breadcrumb\":{\"@id\":\"http:\/\/www.wetterauer-landbote.de\/?page_id=587#breadcrumb\"},\"inLanguage\":\"de\",\"potentialAction\":[{\"@type\":\"ReadAction\",\"target\":[\"http:\/\/www.wetterauer-landbote.de\/?page_id=587\"]}]},{\"@type\":\"ImageObject\",\"inLanguage\":\"de\",\"@id\":\"http:\/\/www.wetterauer-landbote.de\/?page_id=587#primaryimage\",\"url\":\"https:\/\/i0.wp.com\/www.wetterauer-landbote.de\/wp-content\/uploads\/2014\/01\/valentin.jpg?fit=791%2C510\",\"contentUrl\":\"https:\/\/i0.wp.com\/www.wetterauer-landbote.de\/wp-content\/uploads\/2014\/01\/valentin.jpg?fit=791%2C510\",\"width\":791,\"height\":510},{\"@type\":\"BreadcrumbList\",\"@id\":\"http:\/\/www.wetterauer-landbote.de\/?page_id=587#breadcrumb\",\"itemListElement\":[{\"@type\":\"ListItem\",\"position\":1,\"name\":\"Home\",\"item\":\"http:\/\/www.wetterauer-landbote.de\/\"},{\"@type\":\"ListItem\",\"position\":2,\"name\":\"Tipps\"}]},{\"@type\":\"WebSite\",\"@id\":\"http:\/\/www.wetterauer-landbote.de\/#website\",\"url\":\"http:\/\/www.wetterauer-landbote.de\/\",\"name\":\"Wetterauer-Landbote\",\"description\":\"\",\"potentialAction\":[{\"@type\":\"SearchAction\",\"target\":{\"@type\":\"EntryPoint\",\"urlTemplate\":\"http:\/\/www.wetterauer-landbote.de\/?s={search_term_string}\"},\"query-input\":{\"@type\":\"PropertyValueSpecification\",\"valueRequired\":true,\"valueName\":\"search_term_string\"}}],\"inLanguage\":\"de\"}]}<\/script>\n<!-- \/ Yoast SEO plugin. -->","yoast_head_json":{"title":"Tipps - Wetterauer-Landbote","description":"Dieter Buroch gibt in Seminar Tipps f\u00fcr Kulturinitiativen, wie Veranstaltungen auf dem Land erfolgreich sein K\u00f6nnen. 8.\/9. M\u00e4rz in Runkel.","robots":{"index":"index","follow":"follow","max-snippet":"max-snippet:-1","max-image-preview":"max-image-preview:large","max-video-preview":"max-video-preview:-1"},"canonical":"http:\/\/www.wetterauer-landbote.de\/?page_id=587","og_locale":"de_DE","og_type":"article","og_title":"Tipps - Wetterauer-Landbote","og_description":"Dieter Buroch gibt in Seminar Tipps f\u00fcr Kulturinitiativen, wie Veranstaltungen auf dem Land erfolgreich sein K\u00f6nnen. 8.\/9. M\u00e4rz in Runkel.","og_url":"http:\/\/www.wetterauer-landbote.de\/?page_id=587","og_site_name":"Wetterauer-Landbote","article_modified_time":"2014-01-19T21:10:55+00:00","og_image":[{"url":"http:\/\/www.wetterauer-landbote.de\/wp-content\/uploads\/2014\/01\/valentin.jpg","type":"","width":"","height":""}],"twitter_misc":{"Gesch\u00e4tzte Lesezeit":"5\u00a0Minuten"},"schema":{"@context":"https:\/\/schema.org","@graph":[{"@type":"WebPage","@id":"http:\/\/www.wetterauer-landbote.de\/?page_id=587","url":"http:\/\/www.wetterauer-landbote.de\/?page_id=587","name":"Tipps - Wetterauer-Landbote","isPartOf":{"@id":"http:\/\/www.wetterauer-landbote.de\/#website"},"primaryImageOfPage":{"@id":"http:\/\/www.wetterauer-landbote.de\/?page_id=587#primaryimage"},"image":{"@id":"http:\/\/www.wetterauer-landbote.de\/?page_id=587#primaryimage"},"thumbnailUrl":"http:\/\/www.wetterauer-landbote.de\/wp-content\/uploads\/2014\/01\/valentin.jpg","datePublished":"2014-01-19T15:44:20+00:00","dateModified":"2014-01-19T21:10:55+00:00","description":"Dieter Buroch gibt in Seminar Tipps f\u00fcr Kulturinitiativen, wie Veranstaltungen auf dem Land erfolgreich sein K\u00f6nnen. 8.\/9. M\u00e4rz in Runkel.","breadcrumb":{"@id":"http:\/\/www.wetterauer-landbote.de\/?page_id=587#breadcrumb"},"inLanguage":"de","potentialAction":[{"@type":"ReadAction","target":["http:\/\/www.wetterauer-landbote.de\/?page_id=587"]}]},{"@type":"ImageObject","inLanguage":"de","@id":"http:\/\/www.wetterauer-landbote.de\/?page_id=587#primaryimage","url":"https:\/\/i0.wp.com\/www.wetterauer-landbote.de\/wp-content\/uploads\/2014\/01\/valentin.jpg?fit=791%2C510","contentUrl":"https:\/\/i0.wp.com\/www.wetterauer-landbote.de\/wp-content\/uploads\/2014\/01\/valentin.jpg?fit=791%2C510","width":791,"height":510},{"@type":"BreadcrumbList","@id":"http:\/\/www.wetterauer-landbote.de\/?page_id=587#breadcrumb","itemListElement":[{"@type":"ListItem","position":1,"name":"Home","item":"http:\/\/www.wetterauer-landbote.de\/"},{"@type":"ListItem","position":2,"name":"Tipps"}]},{"@type":"WebSite","@id":"http:\/\/www.wetterauer-landbote.de\/#website","url":"http:\/\/www.wetterauer-landbote.de\/","name":"Wetterauer-Landbote","description":"","potentialAction":[{"@type":"SearchAction","target":{"@type":"EntryPoint","urlTemplate":"http:\/\/www.wetterauer-landbote.de\/?s={search_term_string}"},"query-input":{"@type":"PropertyValueSpecification","valueRequired":true,"valueName":"search_term_string"}}],"inLanguage":"de"}]}},"jetpack_sharing_enabled":true,"jetpack_likes_enabled":true,"_links":{"self":[{"href":"http:\/\/www.wetterauer-landbote.de\/index.php?rest_route=\/wp\/v2\/pages\/587","targetHints":{"allow":["GET"]}}],"collection":[{"href":"http:\/\/www.wetterauer-landbote.de\/index.php?rest_route=\/wp\/v2\/pages"}],"about":[{"href":"http:\/\/www.wetterauer-landbote.de\/index.php?rest_route=\/wp\/v2\/types\/page"}],"author":[{"embeddable":true,"href":"http:\/\/www.wetterauer-landbote.de\/index.php?rest_route=\/wp\/v2\/users\/1"}],"replies":[{"embeddable":true,"href":"http:\/\/www.wetterauer-landbote.de\/index.php?rest_route=%2Fwp%2Fv2%2Fcomments&post=587"}],"version-history":[{"count":5,"href":"http:\/\/www.wetterauer-landbote.de\/index.php?rest_route=\/wp\/v2\/pages\/587\/revisions"}],"predecessor-version":[{"id":613,"href":"http:\/\/www.wetterauer-landbote.de\/index.php?rest_route=\/wp\/v2\/pages\/587\/revisions\/613"}],"wp:attachment":[{"href":"http:\/\/www.wetterauer-landbote.de\/index.php?rest_route=%2Fwp%2Fv2%2Fmedia&parent=587"}],"curies":[{"name":"wp","href":"https:\/\/api.w.org\/{rel}","templated":true}]}}